{"id":274,"date":"2025-07-25T18:31:45","date_gmt":"2025-07-25T18:31:45","guid":{"rendered":"https:\/\/freiburgerbsv.de\/?page_id=274"},"modified":"2026-04-05T11:28:34","modified_gmt":"2026-04-05T11:28:34","slug":"veranstaltungen","status":"publish","type":"page","link":"https:\/\/freiburgerbsv.de\/index.php\/veranstaltungen\/","title":{"rendered":"Veranstaltungen im regionalen Umfeld"},"content":{"rendered":"<p><img loading=\"lazy\" decoding=\"async\" class=\"alignnone size-full wp-image-970\" src=\"https:\/\/freiburgerbsv.de\/wp-content\/uploads\/2026\/01\/FBSV_Events_Microsoft.webp\" alt=\"\" width=\"726\" height=\"368\" title=\"\" srcset=\"https:\/\/freiburgerbsv.de\/wp-content\/uploads\/2026\/01\/FBSV_Events_Microsoft.webp 726w, https:\/\/freiburgerbsv.de\/wp-content\/uploads\/2026\/01\/FBSV_Events_Microsoft-300x152.webp 300w\" sizes=\"auto, (max-width: 726px) 100vw, 726px\" \/><\/p>\n<p><img loading=\"lazy\" decoding=\"async\" class=\"size-full wp-image-1738 alignleft\" src=\"https:\/\/freiburgerbsv.de\/wp-content\/uploads\/2026\/04\/GTT-April-2026-Stempel.jpg\" alt=\"\" width=\"639\" height=\"510\" title=\"\" srcset=\"https:\/\/freiburgerbsv.de\/wp-content\/uploads\/2026\/04\/GTT-April-2026-Stempel.jpg 639w, https:\/\/freiburgerbsv.de\/wp-content\/uploads\/2026\/04\/GTT-April-2026-Stempel-300x239.jpg 300w\" sizes=\"auto, (max-width: 639px) 100vw, 639px\" \/><\/p>\n<p><span style=\"font-size: 36pt;\">Gro\u00dftauschtag mit Sonderpostamt und Sonderstempel:<\/span><\/p>\n<p>&nbsp;<\/p>\n<p><span style=\"font-size: 36pt; color: #008000;\"><strong>125 Jahre Freiburger Stra\u00dfenbahn<\/strong><\/span><\/p>\n<p><img loading=\"lazy\" decoding=\"async\" class=\"alignnone size-full wp-image-1216\" src=\"https:\/\/freiburgerbsv.de\/wp-content\/uploads\/2026\/03\/GTT_Freiburg_April_2026_1.webp\" alt=\"\" width=\"1249\" height=\"930\" title=\"\" srcset=\"https:\/\/freiburgerbsv.de\/wp-content\/uploads\/2026\/03\/GTT_Freiburg_April_2026_1.webp 1249w, https:\/\/freiburgerbsv.de\/wp-content\/uploads\/2026\/03\/GTT_Freiburg_April_2026_1-300x223.webp 300w, https:\/\/freiburgerbsv.de\/wp-content\/uploads\/2026\/03\/GTT_Freiburg_April_2026_1-1024x762.webp 1024w, https:\/\/freiburgerbsv.de\/wp-content\/uploads\/2026\/03\/GTT_Freiburg_April_2026_1-768x572.webp 768w\" sizes=\"auto, (max-width: 1249px) 100vw, 1249px\" \/><\/p>\n\n<table id=\"tablepress-2\" class=\"tablepress tablepress-id-2\">\n<thead>\n<tr class=\"row-1\">\n\t<th class=\"column-1\">Datum<\/th><th class=\"column-2\">Uhrzeit<\/th><th class=\"column-3\">Veranstaltung<\/th><th class=\"column-4\">Ort<\/th>\n<\/tr>\n<\/thead>\n<tbody class=\"row-striping row-hover\">\n<tr class=\"row-2\">\n\t<td class=\"column-1\">So. 12. April 2026<\/td><td class=\"column-2\">9:00-15:00<\/td><td class=\"column-3\"><strong>L\u00d6RRACH-HAAGEN<\/strong><br \/>\n<a href=\"https:\/\/freiburgerbsv.de\/wp-content\/uploads\/2026\/02\/Regiophila_loerrach_2026.pdf\"><em><strong>VERANSTALTUNGS-FLYER<\/strong><\/em><\/a><br \/>\n<br \/>\nGro\u00dftauschtag mit <strong>REGIOPHILA-Briefmarkenausstellung<\/strong> (<a href=\"https:\/\/freiburgerbsv.de\/wp-content\/uploads\/2026\/03\/2025_REGIOPHILA_Reglement.pdf\">REGIOPHILA_Reglement<\/a>) <br \/>\n<strong>Veranstalter:<\/strong> <a href=\"https:\/\/www.briefmarken-loerrach.de\/leistungen-des-vereins\/\" target=\"_blank\" rel=\"noopener\">Briefmarken-Sammler-Bund L\u00f6rrach e.V. <\/a><br \/>\n<strong>Kontakt:<\/strong> <\/strong> <em>Christian Neumann, <a href=\"mailto:kcneumann@gmx.de\">kcneumann@gmx.de<\/a>,  07623 6 26 21<\/em><\/td><td class=\"column-4\"><a href=\"https:\/\/www.loerrach.de\/de\/Loerrach-Erleben\/Kultur\/Veranstaltungskalender\/Veranstaltungsort?view=publish&amp;item=eventLocation&amp;id=1121\" target=\"_blank\" rel=\"noopener\">Schlo\u00dfberghalle<\/a><br \/>\nMarkgrafenstra\u00dfe 38<br \/>\n79541 L\u00d6RRACH<br \/>\nStadtteil: Haagen<\/td>\n<\/tr>\n<tr class=\"row-3\">\n\t<td class=\"column-1\">So. 26. April 2026<\/td><td class=\"column-2\">9:00-14:00<\/td><td class=\"column-3\"><strong>FREIBURG<\/strong><br \/>\n<a href=\"https:\/\/freiburgerbsv.de\/wp-content\/uploads\/2026\/03\/Flyer-A4-GTT-April-2026-mit-Stempel-1.pdf\" strong><strong>VERANSTALTUNGS-FLYER<\/strong><\/strong><\/a><br \/>\n<br \/>\n84. S\u00fcdbadische Briefmarken-Sammlerb\u00f6rse <br \/>\nGro\u00dftauschtag mit Werbeschau, Ansichtskarten und M\u00fcnzen<br \/>\n<strong>Eventteam Post mit Sonderstempel<\/strong><br \/>\n Vorort mit <a href=\"https:\/\/www.briefmarken-suedwest.de\/Fachbereiche\/Fb-Beratungsdienste.htm\" target=\"_blank\" rel=\"noopener\">Beratungsdienst des Landesverbands S\u00fcdwest<\/a><br \/>\nEINTRITT frei<br \/>\n<strong>Veranstalter:<\/strong> Freiburger Briefmarken-Sammler-Verein 1898 e.V. UND Briefmarkensammlerverein Zenith e.V.<br \/>\n<strong>Kontakt:<\/strong> <em>Joachim Leonhardt, <a href=\"mailto:leonhardt@freiburgerbsv.de\">leonhardt@freiburgerbsv.de<\/a>, 07667 94 29 01 <\/em><\/td><td class=\"column-4\"><a href=\"https:\/\/www.freiburg.de\/pb\/,Lde\/563463.html\" target=\"_blank\" title=\"B\u00fcrgerhaus Seepark\" rel=\"noopener\">B\u00fcrgerhaus Seepark<\/a><br \/>\nGerhart-Hartmann-Str. 1<br \/>\n79110 FREIBURG<\/td>\n<\/tr>\n<tr class=\"row-4\">\n\t<td class=\"column-1\">Fr. 1. Mai 2026<\/td><td class=\"column-2\">9:00-17:00<\/td><td class=\"column-3\"><strong>NEUF-BRISACH<\/strong>, FRANKREICH<br \/>\n<a href=\"https:\/\/freiburgerbsv.de\/wp-content\/uploads\/2026\/03\/flyer_neuf-brisach_1-Mai-2026.pdf\"><strong><em>VERANSTALTUNGS-FLYER \/ PROGRAMM<\/em><\/strong><\/a><br \/>\n<br \/>\nExposition\/Bourse Philat\u00e9lique et Cartophile<br \/>\n(Ausstellung mit Briefmarken- und Postkartenb\u00f6rse) <br \/>\n<strong>Veranstalter:<\/strong> <a href=\"http:\/\/www.apne.info\/\" target=\"_blank\" rel=\"noopener\">Philatelistes de Neuf-Brisach (APNE)<\/a><br \/>\n<strong>Kontakt:<\/strong> <em><a href=\"https:\/\/www.apne.info\/contact.php?lng=fr&amp;ctconfig=ctpresident&amp;tconfig=0#z2\" target=\"_blank\" rel=\"noopener\">Marcel Beisert<\/a><\/em><\/td><td class=\"column-4\">La Salle des Adjudications<br \/>\n4, rue de l\u2019H\u00f4tel de ville<br \/>\n68600 Neuf-Brisach<br \/>\nFRANKREICH<\/td>\n<\/tr>\n<tr class=\"row-5\">\n\t<td class=\"column-1\">So. 10. Mai 2026<\/td><td class=\"column-2\">9:00-16:00<\/td><td class=\"column-3\"><strong>COLMAR<\/strong>, FRANKREICH<br \/>\n<a href=\"https:\/\/freiburgerbsv.de\/wp-content\/uploads\/2026\/03\/FLYER_Societe_Philatelique_Colmar_10-Mai-2026.pdf\"><em><strong>VERANSTALTUNGS-FLYER<\/strong><\/em><\/a><br \/>\n<br \/>\nExposition philat\u00e9lique et bourse aux timbres<br \/>\n(Ausstellung mit Briefmarkenb\u00f6rse) <br \/>\n<strong>Veranstalter:<\/strong> <a href=\"https:\/\/spc.asso68.fr\/\" target=\"_blank\" rel=\"noopener\">Soci\u00e9t\u00e9 Philat\u00e9lique de Colmar (APCNR)<\/a><br \/>\n<strong>Kontakt:<\/strong> <\/strong> <em>Andr\u00e9 Crayssac, <a href=\"mailto:andre-crayssac@sfr.fr\">andre-crayssac@sfr.fr<\/a>, +33 3 89 79 72 71<\/em><\/td><td class=\"column-4\">La Salle Cercle St. Martin<br \/>\n13 avenue Joffre<br \/>\n68000 Colmar<br \/>\nFRANKREICH<\/td>\n<\/tr>\n<tr class=\"row-6\">\n\t<td class=\"column-1\">So. 21. Juni 2026<\/td><td class=\"column-2\">9:00-15:00<\/td><td class=\"column-3\"><strong>LAHR-SULZ<\/strong><br \/>\nBriefmarken-, M\u00fcnzen-, Ansichtskarten-Gro\u00dftauschtag\/B\u00f6rse<br \/>\n<strong>Veranstalter:<\/strong> Briefmarken-und M\u00fcnzenverein Lahr e.V.<br \/>\n<strong>Kontakt:<\/strong> <em>Manfred Eble, Birkenrain 11, 77933 Lahr-Kuhbach, 07821 77 71 4, <a href=\"mailto:manfred.eble@gmx.de\">manfred.eble@gmx.de<\/a><\/em><\/td><td class=\"column-4\"><a href=\"https:\/\/sulz.lahr.de\/sulzberghalle.9449.htm\" target=\"_blank\" rel=\"noopener\">Sulzberghalle<\/a><br \/>\nZiegelbrunnenstra\u00dfe 43<br \/>\n77933 Lahr-Sulz<\/td>\n<\/tr>\n<tr class=\"row-7\">\n\t<td class=\"column-1\">So. 16. August 2026<\/td><td class=\"column-2\">8:30-13:30<\/td><td class=\"column-3\"><strong>HASLACH<\/strong><br \/>\n54. Gro\u00dftauschtag  mit Kaffee + Kuchen, Mittagstisch<br \/>\n<strong>Veranstalter:<\/strong> <a href=\"http:\/\/www.philatelie-haslach.de\/home\/termine\/\" target=\"_blank\" rel=\"noopener\">Philatelie Haslach i. K. e. V.<\/a><br \/>\n<strong>Kontakt:<\/strong> <em>Harald Schwuchow, Leimen\u00e4cker 4, 77781 Biberach, 07835 74 56, <a href=\"mailto:harald.schwuchow@t-online.de\">harald.schwuchow@t-online.de<\/a><\/em><\/td><td class=\"column-4\"><a href=\"https:\/\/www.haslach.de\/startseite\/Rathaus+_+Service\/Stadthalle.html\" target=\"_blank\" rel=\"noopener\">Stadthalle<\/a><br \/>\nSteinacher Stra\u00dfe 9<br \/>\n77716 Haslach i.K.<\/td>\n<\/tr>\n<tr class=\"row-8\">\n\t<td class=\"column-1\">So. 13. September 2026<\/td><td class=\"column-2\">9:00-15:30<\/td><td class=\"column-3\"><strong>GRENZACH-WYHLEN<\/strong><br \/>\n<a href=\"https:\/\/freiburgerbsv.de\/wp-content\/uploads\/2026\/03\/GTT_Grenzach_Sep-2026.pdf\"><strong>VERANSTALTUNGS-FLYER<\/strong><\/a><br \/>\n<br \/>\nBriefmarken Gro\u00dftauschtag mit Ausstellung und B\u00f6rse<br \/>\nBriefmarken, Postkarten, M\u00fcnzen, Vignetten und alles was sich sammeln l\u00e4sst<br \/>\nEINTRITT frei<br \/>\n<strong>Veranstalter:<\/strong> <a href=\"https:\/\/briefmarken-sammlerbund.de.tl\/\" target=\"_blank\" rel=\"noopener\">Briefmarken-Sammlerbund e.V. Grenzach-Wyhlen<\/a><br \/>\n<strong>Kontakt:<\/strong> <em> Daniel Herrmann, 4 Rue du Rhin, F-68730 Blotzheim, +33 \/ 389 \/ 684412, <a href=\"mailto:daniel.herrmann@vialis.net\" target=\"_blank\">daniel.herrmann@vialis.net<\/a><\/td><td class=\"column-4\">Haus der Begegnung<br \/>\nScheffelstra\u00dfe 3a<br \/>\n79639 Grenzach-Wyhlen<\/td>\n<\/tr>\n<tr class=\"row-9\">\n\t<td class=\"column-1\">So. 20.September 2026<\/td><td class=\"column-2\">9:00-16:00<\/td><td class=\"column-3\"><strong>HAUSEN IM WIESENTAL<\/strong><br \/>\nGro\u00dftauschtag, Briefmarkenschau, f\u00fcr das \"Leibliche Wohl\" ist gesorgt<br \/>\n<strong>Veranstalter:<\/strong> Briefmarkenring Hausen und Umgebung<br \/>\n<strong>Kontakt:<\/strong> <em>Bruno Aucktor, Parkeweg 8, 79688 Hausen im Wiesental, 07622\/671848, <a href=\"mailto:b.aucktor@t-online.de\" target=\"_blank\">b.aucktor@t-online.de<\/a><\/em><\/td><td class=\"column-4\">Festhalle Hebelstra\u00dfe<br \/>\nHebelstra\u00dfe 28<br \/>\n79688 Hausen im Wiesental <\/td>\n<\/tr>\n<tr class=\"row-10\">\n\t<td class=\"column-1\">Do. 24. September 2026 <\/td><td class=\"column-2\">ab 18:00 Besichtigung<br \/>\nBeginn 19:00<\/td><td class=\"column-3\"><strong>EMMENDINGEN<\/strong><br \/>\nKleinausbietung<br \/>\n<br \/>\n<strong>Kontakt:<\/strong> <em>in K\u00fcrze mehr<\/em><\/td><td class=\"column-4\">Siedlerst\u00fcble<br \/>\nLessingstra\u00dfe 28<br \/>\n79312 Emmendingen<\/td>\n<\/tr>\n<tr class=\"row-11\">\n\t<td class=\"column-1\">Do. 22. bis So. 24. Oktober 2026<\/td><td class=\"column-2\">22. 10:00-18:00<br \/>\n23. 10:00-18:00<br \/>\n24. 10:00-16:00<\/td><td class=\"column-3\"><strong>ULM<\/strong><br \/>\nInternationale Briefmarken-B\u00f6rse<br \/>\nREMSMA + Postgeschichte Live 2026<br \/>\nRegionale und Nationale Ausstellung mit  internationaler Beteiligung<br \/>\n<br \/>\n<strong>Eintritt Tageskarte<\/strong>: 5,00 \u20ac (Kinder und Jugendliche unter 16 Jahren haben freien Eintritt.)<br \/>\n<strong>Weitere Informationen:<\/strong> <a href=\"https:\/\/briefmarken-messe.de\/\" target=\"_blank\" rel=\"noopener\">Briefmarkenmesse<\/a><br \/>\n<em>(N\u00e4here Informationen zum Programm ab Juli)<\/em><\/td><td class=\"column-4\"><a href=\"https:\/\/sindelfingermesse.de\/\" target=\"_blank\" rel=\"noopener\">Messehalle<\/a><br \/>\nB\u00f6finger Stra\u00dfe 50<br \/>\n89073 Ulm<\/td>\n<\/tr>\n<tr class=\"row-12\">\n\t<td class=\"column-1\">So. 27. Dezember 2026<\/td><td class=\"column-2\">10:00-15:00<\/td><td class=\"column-3\"><strong>RHEINFELDEN (SCHWEIZ)<\/strong><br \/>\n37. Sammlertreff<br \/>\nB\u00f6rse und Ausstellung<br \/>\n<strong>Veranstalter:<\/strong><a href=\"http:\/\/briefmarkenclub-fricktal.ch\/\" target=\"_blank\" rel=\"noopener\"> Briefmarkenclub Frickta<\/a>l <br \/>\n<strong>Kontakt:<\/strong> Rudolf Hofer, Engerfeldstr. 5, CH-4310 Rheinfelden,<a href=\"mailto:briefmarkenclub-fricktal@briefmarkenclub-fricktal.ch\" target=\"_blank\"> briefmarkenclub-fricktal@briefmarkenclub-fricktal.ch<\/a> <\/td><td class=\"column-4\">Kurbrunnensaal Rheinfelden<br \/>\nHabich-Dietschy-Stra\u00dfe 14<br \/>\nCH-4310 Rheinfelden<br \/>\nSCHWEIZ<\/td>\n<\/tr>\n<tr class=\"row-13\">\n\t<td class=\"column-1\">So. 4. April 2027<\/td><td class=\"column-2\">9:00-15:00<\/td><td class=\"column-3\"><strong>L\u00d6RRACH-HAAGEN<\/strong><br \/>\nGro\u00dftauschtag mit Briefmarkenschau und Tausch <br \/>\n<strong>Veranstalter:<\/strong> <a href=\"https:\/\/www.briefmarken-loerrach.de\/leistungen-des-vereins\/\" target=\"_blank\" rel=\"noopener\">Briefmarken-Sammler-Bund L\u00f6rrach e.V. <\/a><br \/>\n<strong>Kontakt:<\/strong> <\/strong> <em>Christian Neumann, <a href=\"mailto:kcneumann@gmx.de\">kcneumann@gmx.de<\/a>,  07623 6 26 21<\/em><\/td><td class=\"column-4\"><a href=\"https:\/\/www.loerrach.de\/de\/Loerrach-Erleben\/Kultur\/Veranstaltungskalender\/Veranstaltungsort?view=publish&amp;item=eventLocation&amp;id=1121\" target=\"_blank\" rel=\"noopener\">Schlo\u00dfberghalle<\/a><br \/>\nMarkgrafenstra\u00dfe 38<br \/>\n79541 L\u00d6RRACH<br \/>\nStadtteil: Haagen<\/td>\n<\/tr>\n<tr class=\"row-14\">\n\t<td class=\"column-1\">So. 25. April 2027<\/td><td class=\"column-2\">9:00-14:00<\/td><td class=\"column-3\"><strong>FREIBURG<\/strong><br \/>\n85. S\u00fcdbadische Briefmarken-Sammlerb\u00f6rse <br \/>\nGro\u00dftauschtag mit Werbeschau, Ansichtskarten und M\u00fcnzen<br \/>\nVorort Eventteam Post<br \/>\nEINTRITT frei<br \/>\n<strong>Veranstalter:<\/strong> Freiburger Briefmarken-Sammler-Verein 1898 e.V. UND Briefmarkensammlerverein Zenith e.V.<br \/>\n<strong>Kontakt:<\/strong> <em>Joachim Leonhardt, <a href=\"mailto:leonhardt@freiburgerbsv.de\">leonhardt@freiburgerbsv.de<\/a>, 07667 94 29 01 <\/em><\/td><td class=\"column-4\"><a href=\"https:\/\/www.freiburg.de\/pb\/,Lde\/563463.html\" target=\"_blank\" title=\"B\u00fcrgerhaus Seepark\" rel=\"noopener\">B\u00fcrgerhaus Seepark<\/a><br \/>\r\nGerhart-Hartmann-Str. 1<br \/>\r\n79110 FREIBURG<\/td>\n<\/tr>\n<\/tbody>\n<\/table>\n<!-- #tablepress-2 from cache -->\n<p><span style=\"font-size: 18pt;\"><strong>Weitere Termine in der REGION\u00a0 D, F und CH:<\/strong>\u00a0 \u00a0<\/span><span style=\"color: #ff0000; font-size: 18pt;\"><strong>\u2297\u00a0<\/strong><\/span><span style=\"color: #008000;\"><strong><span style=\"font-size: 18pt;\"> <a style=\"color: #008000;\" href=\"https:\/\/freiburgerbsv.de\/wp-content\/uploads\/2026\/03\/IG-Regio-April-2026.pdf\" target=\"_blank\" rel=\"noopener\"><span style=\"color: #0000ff;\">IG-Philatelie REGIO<\/span> <span style=\"color: #ff0000;\">TERMINE APRIL 2026<\/span><\/a><\/span><\/strong><\/span><\/p>\n<p><span style=\"color: #ff0000; font-size: 18pt;\"><strong>\u00a0 \u00a0 \u00a0 \u00a0 \u00a0 \u00a0 \u00a0 \u00a0 \u00a0 \u00a0 \u00a0 \u00a0 \u00a0 \u00a0 \u00a0 \u00a0 \u00a0 \u00a0 \u00a0 \u00a0 \u00a0 \u00a0 \u00a0 \u00a0 \u00a0 \u00a0 \u00a0 \u00a0 \u00a0 \u00a0 \u00a0 \u00a0 \u00a0 \u00a0 \u00a0 \u00a0 \u00a0 \u00a0 \u00a0 \u00a0 \u2297\u00a0<\/strong><\/span><strong><span style=\"font-size: 18pt; color: #0000ff;\"><span style=\"color: #008000;\"> <a href=\"https:\/\/freiburgerbsv.de\/wp-content\/uploads\/2026\/04\/20260304-IG-Regio-Mai-2026_PF.pdf\" target=\"_blank\" rel=\"noopener\"><span style=\"color: #0000ff;\">IG-Philatelie REGIO <span style=\"color: #ff0000;\">TERMINE MAI 2026<\/span><\/span><\/a><\/span><\/span><\/strong><\/p>\n<p><span style=\"font-size: 18pt;\">Termine Briefmarken-Sammler-Bund L\u00f6rrach e.V.: <strong><span style=\"color: #ff0000;\">\u2297 <\/span><span style=\"color: #0000ff;\"><a style=\"color: #0000ff;\" href=\"https:\/\/freiburgerbsv.de\/wp-content\/uploads\/2026\/02\/2026_BSB_Monatsversammlungen-ab-19.pdf\" target=\"_blank\" rel=\"noopener\">Jahresprogramm BSB L\u00f6rrach 2026<\/a><\/span><\/strong><span style=\"color: #0000ff;\">\u00a0<\/span><\/span><\/p>\n<p><span style=\"font-size: 18pt;\">Weitere Termine S\u00dcDWEST-DEUTSCHLAND:\u00a0 \u00a0 \u00a0 \u00a0 \u00a0 <span style=\"color: #ff0000;\"><strong>\u2297<\/strong>\u00a0<\/span><span style=\"color: #0000ff;\"><strong><a style=\"color: #0000ff;\" href=\"https:\/\/www.briefmarken-suedwest.de\/Termine.htm\" target=\"_blank\" rel=\"noopener\">Terminkalender des Landesverbands S\u00dcDWEST (LSW)<\/a><\/strong><\/span><\/span><\/p>\n<p><span style=\"font-size: 18pt;\">Weitere Termine DEUTSCHLAND:\u00a0 <span style=\"color: #ff0000;\"><strong>\u2297<\/strong><\/span><\/span><span style=\"font-size: 18pt; color: #0000ff;\"> <a style=\"color: #0000ff;\" href=\"https:\/\/www.bdph.de\/gemeinschaft\/termine\" target=\"_blank\" rel=\"noopener\"><strong>Veranstaltungskalender des BDPh <\/strong><\/a><\/span><span style=\"font-size: 18pt;\"><span style=\"color: #ff0000;\"><strong>\u00a0 \u00a0\u2297<\/strong>\u00a0<\/span><\/span><span style=\"color: #0000ff;\"><a style=\"color: #0000ff;\" href=\"https:\/\/www.philaseiten.de\/terminkalender\" target=\"_blank\" rel=\"noopener\"><strong><span style=\"font-size: 18pt;\">Terminkalender philaseiten.de<\/span><\/strong><\/a><\/span><\/p>\n<p><img loading=\"lazy\" decoding=\"async\" class=\"wp-image-996 aligncenter\" src=\"https:\/\/freiburgerbsv.de\/wp-content\/uploads\/2026\/02\/1978_Freiburg_Katholik_Mi_977.webp\" alt=\"\" width=\"435\" height=\"487\" title=\"\" srcset=\"https:\/\/freiburgerbsv.de\/wp-content\/uploads\/2026\/02\/1978_Freiburg_Katholik_Mi_977.webp 711w, https:\/\/freiburgerbsv.de\/wp-content\/uploads\/2026\/02\/1978_Freiburg_Katholik_Mi_977-268x300.webp 268w\" sizes=\"auto, (max-width: 435px) 100vw, 435px\" \/><\/p>\n<p>&nbsp;<\/p>\n<div class=\"pdfprnt-buttons pdfprnt-buttons-page pdfprnt-bottom-right\"><a href=\"https:\/\/freiburgerbsv.de\/index.php\/wp-json\/wp\/v2\/pages\/274?print=pdf\" class=\"pdfprnt-button pdfprnt-button-pdf\" target=\"_blank\"><\/a><a href=\"https:\/\/freiburgerbsv.de\/index.php\/wp-json\/wp\/v2\/pages\/274?print=print\" class=\"pdfprnt-button pdfprnt-button-print\" target=\"_blank\"><img decoding=\"async\" src=\"https:\/\/freiburgerbsv.de\/wp-content\/plugins\/pdf-print\/images\/print.png\" alt=\"image_print\" title=\"Inhalt drucken\" \/><\/a><\/div>","protected":false},"excerpt":{"rendered":"<p>Gro\u00dftauschtag mit Sonderpostamt und Sonderstempel: &nbsp; 125 Jahre Freiburger Stra\u00dfenbahn Weitere Termine in der REGION\u00a0 D, F und CH:\u00a0 \u00a0\u2297\u00a0 [&hellip;]<\/p>\n","protected":false},"author":1,"featured_media":0,"parent":0,"menu_order":0,"comment_status":"closed","ping_status":"closed","template":"","meta":{"_crdt_document":"","site-sidebar-layout":"default","site-content-layout":"","ast-site-content-layout":"default","site-content-style":"default","site-sidebar-style":"default","ast-global-header-display":"","ast-banner-title-visibility":"","ast-main-header-display":"","ast-hfb-above-header-display":"","ast-hfb-below-header-display":"","ast-hfb-mobile-header-display":"","site-post-title":"","ast-breadcrumbs-content":"","ast-featured-img":"","footer-sml-layout":"","ast-disable-related-posts":"","theme-transparent-header-meta":"default","adv-header-id-meta":"","stick-header-meta":"","header-above-stick-meta":"","header-main-stick-meta":"","header-below-stick-meta":"","astra-migrate-meta-layouts":"set","ast-page-background-enabled":"default","ast-page-background-meta":{"desktop":{"background-color":"var(--ast-global-color-5)","background-image":"","background-repeat":"repeat","background-position":"center center","background-size":"auto","background-attachment":"scroll","background-type":"","background-media":"","overlay-type":"","overlay-color":"","overlay-opacity":"","overlay-gradient":""},"tablet":{"background-color":"","background-image":"","background-repeat":"repeat","background-position":"center center","background-size":"auto","background-attachment":"scroll","background-type":"","background-media":"","overlay-type":"","overlay-color":"","overlay-opacity":"","overlay-gradient":""},"mobile":{"background-color":"","background-image":"","background-repeat":"repeat","background-position":"center center","background-size":"auto","background-attachment":"scroll","background-type":"","background-media":"","overlay-type":"","overlay-color":"","overlay-opacity":"","overlay-gradient":""}},"ast-content-background-meta":{"desktop":{"background-color":"var(--ast-global-color-4)","background-image":"","background-repeat":"repeat","background-position":"center center","background-size":"auto","background-attachment":"scroll","background-type":"","background-media":"","overlay-type":"","overlay-color":"","overlay-opacity":"","overlay-gradient":""},"tablet":{"background-color":"var(--ast-global-color-4)","background-image":"","background-repeat":"repeat","background-position":"center center","background-size":"auto","background-attachment":"scroll","background-type":"","background-media":"","overlay-type":"","overlay-color":"","overlay-opacity":"","overlay-gradient":""},"mobile":{"background-color":"var(--ast-global-color-4)","background-image":"","background-repeat":"repeat","background-position":"center center","background-size":"auto","background-attachment":"scroll","background-type":"","background-media":"","overlay-type":"","overlay-color":"","overlay-opacity":"","overlay-gradient":""}},"footnotes":""},"class_list":["post-274","page","type-page","status-publish","hentry"],"_links":{"self":[{"href":"https:\/\/freiburgerbsv.de\/index.php\/wp-json\/wp\/v2\/pages\/274","targetHints":{"allow":["GET"]}}],"collection":[{"href":"https:\/\/freiburgerbsv.de\/index.php\/wp-json\/wp\/v2\/pages"}],"about":[{"href":"https:\/\/freiburgerbsv.de\/index.php\/wp-json\/wp\/v2\/types\/page"}],"author":[{"embeddable":true,"href":"https:\/\/freiburgerbsv.de\/index.php\/wp-json\/wp\/v2\/users\/1"}],"replies":[{"embeddable":true,"href":"https:\/\/freiburgerbsv.de\/index.php\/wp-json\/wp\/v2\/comments?post=274"}],"version-history":[{"count":74,"href":"https:\/\/freiburgerbsv.de\/index.php\/wp-json\/wp\/v2\/pages\/274\/revisions"}],"predecessor-version":[{"id":1775,"href":"https:\/\/freiburgerbsv.de\/index.php\/wp-json\/wp\/v2\/pages\/274\/revisions\/1775"}],"wp:attachment":[{"href":"https:\/\/freiburgerbsv.de\/index.php\/wp-json\/wp\/v2\/media?parent=274"}],"curies":[{"name":"wp","href":"https:\/\/api.w.org\/{rel}","templated":true}]}}